{"id":575,"date":"2022-10-12T09:48:58","date_gmt":"2022-10-12T09:48:58","guid":{"rendered":"http:\/\/www.villalantenystavat.fi\/?page_id=575"},"modified":"2023-11-09T09:10:34","modified_gmt":"2023-11-09T09:10:34","slug":"tapahtuu-muualla","status":"publish","type":"page","link":"https:\/\/www.villalantenystavat.fi\/?page_id=575","title":{"rendered":"Tapahtuu muualla"},"content":{"rendered":"\n<p><\/p>\n\n\n\n<p><strong>Liikkeell\u00e4 marraskuussa. Alessandro Sciarroni: Save the Last Dance for Me<\/strong><\/p>\n\n\n\n<p><strong>6.11.2023 klo 17 ja klo 20, Taidehalli<\/strong><\/p>\n\n\n\n<p>Liikkeell\u00e4 marraskuussa -festivaali tuo Suomeen&nbsp;<strong>polka chinata<\/strong>-tanssin.&nbsp;<strong>Alessandro Sciarronin<\/strong>&nbsp;teoksessa Save the Last Dance for Me&nbsp;tanssijat&nbsp;<strong>Gianmaria Borzillo<\/strong>&nbsp;ja&nbsp;<strong>Giovanfrancesco Giannini<\/strong> astuvat Helsingin Taidehallin n\u00e4ytt\u00e4m\u00f6lle hallitakseen polka chinatan askeleet.T\u00e4m\u00e4 valloittava, perinteisesti yksinomaan miesten esitt\u00e4m\u00e4 seurustelutanssi on per\u00e4isin Bolognasta 1900-luvun alkupuolelta. Fyysisesti vaativassa tanssissa yhdistyv\u00e4t akrobaattiset liikkeet ja yksityiskohtaiset syleilyt kahden tanssijan py\u00f6riess\u00e4 ja taivuttaessa polviaan l\u00e4hes maahan asti.<\/p>\n\n\n\n<p>Liput 20,00\/10,00 \u20ac <a href=\"https:\/\/holvi.com\/shop\/liikkeellamarraskuussa\/section\/yksittaiset-esitysliput-single-tickets\/\" target=\"_blank\" rel=\"noreferrer noopener\">https:\/\/holvi.com\/shop\/liikkeellamarraskuussa\/section\/yksittaiset-esitysliput-single-tickets\/<\/a><\/p>\n\n\n\n<p>Festivaalipassit <a href=\"https:\/\/holvi.com\/shop\/liikkeellamarraskuussa\/product\/45c5a4397e5fa183e765dc3eef5a6563\/\" target=\"_blank\" rel=\"noreferrer noopener\">https:\/\/holvi.com\/shop\/liikkeellamarraskuussa\/product\/45c5a4397e5fa183e765dc3eef5a6563\/<\/a><\/p>\n\n\n\n<figure class=\"wp-block-image\"><img decoding=\"async\" src=\"https:\/\/iichelsinki.esteri.it\/wp-content\/uploads\/2023\/09\/04_save_the_last_dance_for_me__passages_transfestival-metz_2023_-_photo_raoul_gilibert_1_2-300x200.jpg\" alt=\"04_save_the_last_dance_for_me__passages_transfestival-metz_2023_-_photo_raoul_gilibert_1_2\"\/><\/figure>\n\n\n\n<p><strong>6.11.2023, ore 17 e ore 20, Taidehalli<\/strong><\/p>\n\n\n\n<p>Il festival Moving in November porta in Finlandia l&#8217;antico ballo chiamato&nbsp;<strong>polka chinata<\/strong>. In Save the last dance for me&nbsp;<strong>Alessandro Sciarroni<\/strong>&nbsp;ha lavorato assieme ai danzatori&nbsp;<strong>Gianmaria Borzillo<\/strong>&nbsp;e&nbsp;<strong>Giovanfrancesco Giannini<\/strong> sui passi di un ballo bolognese chiamato polka chinata, una danza di corteggiamento risalente ai primi del \u2018900. Eeguita in origine da soli uomini, la polka chinata \u00e8 fisicamente impegnativa, quasi acrobatica e prevede che i danzatori, abbracciati l&#8217;uno all&#8217;altro, girino vorticosamente mentre si piegano sulle ginocchia quasi fino a terra.<\/p>\n\n\n\n<p>Biglietti 20,00\/10,00 \u20ac <a href=\"https:\/\/holvi.com\/shop\/liikkeellamarraskuussa\/section\/yksittaiset-esitysliput-single-tickets\/\" target=\"_blank\" rel=\"noreferrer noopener\">https:\/\/holvi.com\/shop\/liikkeellamarraskuussa\/section\/yksittaiset-esitysliput-single-tickets\/<\/a><\/p>\n\n\n\n<p>Pass per il festival <a rel=\"noreferrer noopener\" href=\"https:\/\/holvi.com\/shop\/liikkeellamarraskuussa\/product\/45c5a4397e5fa183e765dc3eef5a6563\/\" target=\"_blank\">https:\/\/holvi.com\/shop\/liikkeellamarraskuussa\/product\/45c5a4397e5fa183e765dc3eef5a6563\/<\/a><\/p>\n\n\n\n<p>____________________________________________________________________________________________________________<\/p>\n\n\n\n<figure class=\"wp-block-image size-large\"><img fetchpriority=\"high\" decoding=\"async\" width=\"724\" height=\"1024\" src=\"https:\/\/www.villalantenystavat.fi\/wp-content\/uploads\/2023\/09\/gigli-724x1024.jpg\" alt=\"\" class=\"wp-image-825\" srcset=\"https:\/\/www.villalantenystavat.fi\/wp-content\/uploads\/2023\/09\/gigli-724x1024.jpg 724w, https:\/\/www.villalantenystavat.fi\/wp-content\/uploads\/2023\/09\/gigli-212x300.jpg 212w, https:\/\/www.villalantenystavat.fi\/wp-content\/uploads\/2023\/09\/gigli-768x1086.jpg 768w, https:\/\/www.villalantenystavat.fi\/wp-content\/uploads\/2023\/09\/gigli-1086x1536.jpg 1086w, https:\/\/www.villalantenystavat.fi\/wp-content\/uploads\/2023\/09\/gigli-1448x2048.jpg 1448w, https:\/\/www.villalantenystavat.fi\/wp-content\/uploads\/2023\/09\/gigli-1140x1612.jpg 1140w, https:\/\/www.villalantenystavat.fi\/wp-content\/uploads\/2023\/09\/gigli-scaled.jpg 1810w\" sizes=\"(max-width: 724px) 100vw, 724px\" \/><\/figure>\n\n\n<div id=\"frosmo_message_id_1\" class=\"frosmo_inline frosmo_message_91481 frosmo_position_31010\" data-frosmo-message-id=\"91481\" data-frosmo-position-id=\"31010\">\n<section class=\"c-inner c-full theme-content-bg\">\n<div class=\"retail_carousel\">\n<p>________________________________________________________________________________________________________________<\/p>\n<p><strong>Maailmanlaajuinen italialaisen keitti\u00f6n viikko<\/strong><\/p>\n<p>Tervetuloa maistamaan Istituto Valorizzazione Salumi Italiani:n kokolihavalmisteita. IVSI pyrkii levitt\u00e4m\u00e4\u00e4n yksityiskohtaista ja rehellist\u00e4 tietoa italialaisista leikkeleist\u00e4 ja parantamaan alan ja alalla toimivien yritysten profiilia. Ty\u00f6pajat \u201c<em>Cotto <\/em>vai <em>crudo<\/em>? Helppo nakki, valitse molemmat!\u201d pit\u00e4\u00e4\u00a0<strong>Emanuele Bargelli<\/strong>, joka on ty\u00f6skennellyt Genovan tiedefestivaalin projektisuunnittelijana ja tiedeoppaana vuodesta 2004.<\/p>\n<p>Ty\u00f6pajat pidet\u00e4\u00e4n Italian kulttuuri-instituutin opetustiloissa osoitteessa\u00a0<strong>Ullankatu 3 A 2, Helsinki<\/strong>. Ty\u00f6pajojen kielin\u00e4 ovat\u00a0<strong>italia<\/strong>\u00a0ja\u00a0<strong>englanti<\/strong> alla olevan aikataulun mukaisesti. Ilmoittaudu s\u00e4hk\u00f6postitse osoitteeseen <a href=\"mailto:eventi.iichelsinki@esteri.it\" target=\"_blank\" rel=\"noopener\">eventi.iichelsinki@esteri.it<\/a>. Ilmoita viestiss\u00e4 viikonp\u00e4iv\u00e4, jolloin haluat osallistua ty\u00f6pajaan.<\/p>\n<table width=\"637\">\n<tbody>\n<tr>\n<td width=\"123\">MAANANTAI 13.11.<\/td>\n<td width=\"123\">KESKIVIIKKO 15.11.<\/td>\n<td width=\"123\">TORSTAI 16.11.<\/td>\n<td width=\"123\">PERJANTAI 17.11.<\/td>\n<\/tr>\n<tr>\n<td width=\"123\">\u00a0klo 15:30-16.30 (englanti)<\/td>\n<td width=\"123\">klo 17:30-18.30 (italia)<\/td>\n<td width=\"123\">klo 16:30-17.30 (englanti)\n<p>klo 18:00-19.00 (italia)<\/p>\n<\/td>\n<td width=\"123\">\u00a0klo 15:30-16.30 (englanti)<\/td>\n<\/tr>\n<\/tbody>\n<\/table>\n<p><img decoding=\"async\" src=\"https:\/\/iichelsinki.esteri.it\/wp-content\/uploads\/2023\/10\/Emanuele-Bargelli-300x169.jpg\" alt=\"\" width=\"300\" height=\"169\" \/><\/p>\n<h3>VIII Settimana della Cucina Italiana nel Mondo<\/h3>\n<p>Vi aspettiamo per assaggiare insieme i salumi offerti dall&#8217;Istituto Valorizzazione Salumi Italiani, che si occupa di diffondere un\u2019informazione completa e corretta sui salumi italiani e di valorizzare l\u2019immagine del settore e delle aziende che vi operano. I laboratori, dal titolo \u201dCotto o crudo? Non fare il salame: entrambi!\u201d sono tenuti da Emanuele Bargelli, progettista e divulgatore scientifico per il Festival della Scienza di Genova dal 2004.<\/p>\n<p>I laboratori si tengono a <strong>Ullankatu, 3 A 2, Helsinki<\/strong>, <strong>in italiano <\/strong>e<strong> inglese<\/strong> con il calendario qui sotto. Iscrivetevi scrivendo a\u00a0<a href=\"mailto:iichelsinki@esteri.it\" target=\"_blank\" rel=\"noopener\">eventi.iichelsinki@esteri.it<\/a>\u00a0\u00a0indicando il giorno della settimana e l\u2019orario in cui volete partecipare.<\/p>\n<table width=\"727\">\n<tbody>\n<tr>\n<td width=\"123\">LUNED\u00cc 13 novembre<\/td>\n<td width=\"123\">MERCOLED\u00cc 15 novembre<\/td>\n<td width=\"123\">GIOVED\u00cc 16 novembre<\/td>\n<td width=\"123\">VENERD\u00cc 17 novembre<\/td>\n<\/tr>\n<tr>\n<td width=\"123\">ore 15:30-16.30 inglese<\/td>\n<td width=\"123\">ore 17:30-18.30 italiano<\/td>\n<td width=\"123\">ore 16:30-17.30 inglese\n<p>ore 18:00-19.00 italiano<\/p>\n<\/td>\n<td width=\"123\">ore 15:30-16.30 inglese<\/td>\n<\/tr>\n<\/tbody>\n<\/table>\n<p>_____________________________________________________________________________________________________________<\/p>\n<p><strong>KURSSIN NIMI: Joulu Italiassa<\/strong><\/p>\n<p>KUVAUS: Haluatko tiet\u00e4\u00e4, miten Italiassa vietet\u00e4\u00e4n joulua? Mit\u00e4 on tapana sy\u00f6d\u00e4? Mit\u00e4 symboliikkaa eri perinteiden taakse k\u00e4tkeytyy? Tule kuuntelemaan, kun\u00a0Simone kertoo joulunajan ruoasta, perinteist\u00e4 ja tavoista eri puolilla Italiaa! Katsomme kuvia ja videoita sek\u00e4 kuuntelemme italialaisia joululauluja.<\/p>\n<p>OPETUKSEN KIELI: italia (suomi apukielen\u00e4), suositeltu kielitaidon taso A2 tai korkeampi<\/p>\n<p>P\u00c4IV\u00c4 JA AIKA: tiistai 12.12.2023, klo 17.00-19.30<\/p>\n<p>PAIKKA: Kurssi pidet\u00e4\u00e4n verkossa Zoom-et\u00e4kokouspalvelun kautta<\/p>\n<p>OPETTAJA: Simone Spaccatrosi<\/p>\n<p>KURSSIMATERIAALIT: opettajan valmistelema materiaali<\/p>\n<p>HINTA: 25 \u20ac \/ hl\u00f6<\/p>\n<p>Ilmoittaudu kirjoittamalla osoitteeseen <strong><a href=\"mailto:corsi.iichelsinki@esteri.it\" target=\"_blank\" rel=\"noopener\">corsi.iichelsinki@esteri.it<\/a><\/strong><\/p>\n<p>Tervetuloa!<\/p>\n<p><img decoding=\"async\" src=\"https:\/\/iichelsinki.esteri.it\/wp-content\/uploads\/2023\/11\/anto-grossolano-unsplash-photo-1661872108821-109284baf40e-271x300.jpeg\" alt=\"\" width=\"271\" height=\"300\" \/><\/p>\n<p><strong>Corso straordinario: Natale in Italia<\/strong><\/p>\n<p>NOME: Natale in Italia<\/p>\n<p>DESCRIZIONE: Vorreste sapere come si festeggia il Natale in Italia? Cosa si mangia? Qual \u00e8 il significato delle diverse tradizioni? Vieni ad ascoltare cosa si dice sul cibo di Natale, sulle tradizioni e usanze nelle diverse parti dell&#8217;Italia! Guarderemo foto e video, ascolteremo (e canteremo) canzoni natalizie in italiano.<\/p>\n<p>LINGUA DEL CORSO: italiano (suomi apukielen\u00e4), livello consigliato A2 o superiore<\/p>\n<p>DATA E ORA: marted\u00ec 12 dicembre 2023, dalle 17:00 alle 19:30<\/p>\n<p>LUOGO: Il corso si terr\u00e0 online su Zoom<\/p>\n<p>INSEGNANTE: Simone Spaccatrosi<\/p>\n<p>MATERIALI DEL CORSO: materiali dell&#8217;insegnante<\/p>\n<p>PREZZO: \u20ac25 a persona<\/p>\n<p>Iscrivetevi scrivendo a <a href=\"mailto:corsi.iichelsinki@esteri.it\" target=\"_blank\" rel=\"noopener\"><strong>corsi.iichelsinki@esteri.it<\/strong><\/a><\/p>\n<p>Benvenuti!<\/p>\n<p><b style=\"outline-style: none !important; outline-width: initial !important;\">_______________________________________________________________________________________________________________<\/b><\/p>\n<p><b style=\"outline-style: none !important; outline-width: initial !important;\">ATELJEEN TAIKAA 4.5.-6.8.2023 VILLA ALBERT<\/b><\/p>\n<\/div>\n<\/section>\n<\/div>\n<p style=\"margin: 0cm; font-size: medium; font-family: Calibri, sans-serif; color: #000000; outline-style: none !important; outline-width: initial !important;\">Albert Edelfeltin ateljeemuseoalueen n\u00e4yttelyn avajaiset\u00a0keskiviikkona 3.5.2023 klo 18-20<br style=\"outline-style: none !important; outline-width: initial !important;\" \/><br style=\"outline-style: none !important; outline-width: initial !important;\" \/>N\u00e4yttelyss\u00e4 on esill\u00e4 Tero Annanollin, Johanna Lumpeen, Suvi Malekin ja Lumi Saarikosken maalauksia sek\u00e4 Kaj Lindg\u00e5rdin veistoksia.<\/p>\n<p style=\"margin: 0cm; font-size: medium; font-family: Calibri, sans-serif; color: #000000; outline-style: none !important; outline-width: initial !important;\"><b style=\"outline-style: none !important; outline-width: initial !important;\">ALBERT EDELFELTIN ATELJEE T\u00c4YTT\u00c4\u00c4 140 VUOTTA KES\u00c4LL\u00c4 2023<\/b><br style=\"outline-style: none !important; outline-width: initial !important;\" \/>Albert Edelfeltin ateljee sijaitsee Porvoossa Haikkoon kyl\u00e4ss\u00e4 meren rannalla. Haikkoon lahti ja Porvoon saaristo ovat olleet Albert Edelfeltin tuotannossa merkitt\u00e4v\u00e4ss\u00e4 asemassa. Albert Edelfelt rakennutti Haikkoon ateljeen vuonna1883. Kaikkiaan Edelfelt vietti Haikossa 26 kes\u00e4\u00e4 ja maalasi yli 220 teosta. Ne ovat rakastettuja saariston el\u00e4m\u00e4\u00e4 ja sen asukkaita sek\u00e4 taiteilijan perhett\u00e4 kuvaavia maalauksia. N\u00e4ist\u00e4 monet palkittiin Pariisin salongeissa ja ne kulkeutuivat museoihin ja merkitt\u00e4viin taidekokoelmiin eri puolille maailmaa.<\/p>\n<p style=\"margin: 0cm; font-size: medium; font-family: Calibri, sans-serif; color: #000000; outline-style: none !important; outline-width: initial !important;\">Villa Albert-n\u00e4yttelytilan Edelfelt-osiossa on esill\u00e4 s\u00e4\u00e4ti\u00f6n omien kokoelmien lis\u00e4ksi kolme Edelfeltin maalausta yksityis- kokoelmista. N\u00e4yttelyiden lis\u00e4ksi kes\u00e4n ohjelmassa on luentoja ja konsertteja, jotka kertovat Edelfeltin taiteesta ja el\u00e4m\u00e4st\u00e4.\u00a0<br style=\"outline-style: none !important; outline-width: initial !important;\" \/><br style=\"outline-style: none !important; outline-width: initial !important;\" \/><b style=\"outline-style: none !important; outline-width: initial !important;\">Tero Annanolli<\/b>\u00a0-Taiteilijana tunnistan yhtenev\u00e4isyyksi\u00e4 omassa ja Edelfeltin ty\u00f6skentelytavoissa: Pariisi, jatkuvan kauneuden etsinn\u00e4n, tradition hienovireisen yhdist\u00e4misen nykyhetkeen ja sen riitt\u00e4m\u00e4tt\u00f6myyden tunteen, kun aikaa on liian v\u00e4h\u00e4n ja omat vaatimukset taiteilijana ovat aina askeleen edell\u00e4. Olen poiminut maalattavat kohteet samoista ymp\u00e4rist\u00f6ist\u00e4 ja aiheista, joita Edelfelt tutki. Yksi on pysynyt muuttumattomana: yksin\u00e4isyys, talvi, kes\u00e4 ja Porvoon joki.<\/p>\n<p style=\"margin: 0cm; font-size: medium; font-family: Calibri, sans-serif; color: #000000; outline-style: none !important; outline-width: initial !important;\">Maisemamaalaus ei siis voi olla luonnon kopio tai toisinto, vaan uusi todellisuus. Kuva on todellisuuden malli. Ja siksi maalaukseni on koettava kaikin aistein.<\/p>\n<p style=\"margin: 0cm; font-size: medium; font-family: Calibri, sans-serif; color: #000000; outline-style: none !important; outline-width: initial !important;\"><b style=\"outline-style: none !important; outline-width: initial !important;\">Tero Annanolli<\/b>\u00a0valmistui taiteen maisteriksi 2004 opiskeltuaan Taideteollisessa korkeakoulussa, Kuvataideakatemiassa sek\u00e4 Repin instituutin kuvataidekoulutuksessa. H\u00e4n t\u00e4ydensi opintojaan 2015 Taideyliopiston Teatterikorkeakoulun Taiteilija osana organisaatioita koulutusohjelmassa ja valmistui ensimm\u00e4isten joukossa taiteilija-kehitt\u00e4j\u00e4ksi Suomessa. Annanollin teoksia on kotimaisissa ja ulkomaisissa kokoelmissa. H\u00e4n on my\u00f6s vuoden 2012 Lontoon taideolympialaisten kultamitalisti.<br style=\"outline-style: none !important; outline-width: initial !important;\" \/><br style=\"outline-style: none !important; outline-width: initial !important;\" \/>Taitelijana Annanolli tuntee taidehistorian tarkkaan. H\u00e4n ei kuitenkaan koskaan juutu historiaan. H\u00e4n tuo meille vanhanaikaisia kauneuden kaikuja, mutta aina uudistavasti ja katse kohden tulevaa. H\u00e4nen teostensa kauneus ei ole jo moneen kertaan n\u00e4hty\u00e4 vanhan toistoa, sill\u00e4 h\u00e4n yhdist\u00e4\u00e4 rohkeasti. H\u00e4nen teoksissaan saattaa yhdisty\u00e4 bysanttilainen kullan loisto, japanilaiseen herkk\u00e4\u00e4n piirrokseen ja Caravaggiomaiseen teatraaliseen valon k\u00e4ytt\u00f6\u00f6n.<\/p>\n<p style=\"margin: 0cm; font-size: medium; font-family: Calibri, sans-serif; color: #000000; outline-style: none !important; outline-width: initial !important;\">Tero Annanolli<br style=\"outline-style: none !important; outline-width: initial !important;\" \/><a style=\"color: #954f72; text-decoration-line: underline; outline-style: none !important; outline-width: initial !important;\" href=\"mailto:tannanolli@gmail.com\" target=\"_blank\" rel=\"nofollow noopener noreferrer\">tannanolli@gmail.com<\/a><br style=\"outline-style: none !important; outline-width: initial !important;\" \/>puh. 0443021246<\/p>\n<p style=\"margin: 0cm; font-size: medium; font-family: Calibri, sans-serif; color: #000000; outline-style: none !important; outline-width: initial !important;\"><a style=\"color: #954f72; text-decoration-line: underline; outline-style: none !important; outline-width: initial !important;\" href=\"http:\/\/www.annanolli.com\/\" target=\"_blank\" rel=\"nofollow noopener noreferrer\">www.annanolli.com<\/a><br style=\"outline-style: none !important; outline-width: initial !important;\" \/><br style=\"outline-style: none !important; outline-width: initial !important;\" \/>ALBERT EDELFELTIN ATELJEEMUSEON ALUE ON AVOINNA<\/p>\n<p style=\"margin: 0cm; font-size: medium; font-family: Calibri, sans-serif; color: #000000; outline-style: none !important; outline-width: initial !important;\">4.-31.5. ti &#8211; su klo 11-15, ma suljettu 1.6.-31.8. ti &#8211; su klo 10-16 ma suljettu Edelfeltin polku 3, 06400 Porvoo;<\/p>\n<p style=\"margin: 0cm; font-size: medium; font-family: Calibri, sans-serif; color: #000000; outline-style: none !important; outline-width: initial !important;\">puh. 050 55 33 290 tai 040 55 29 083,<\/p>\n<p style=\"margin: 0cm; font-size: medium; font-family: Calibri, sans-serif; color: #000000; outline-style: none !important; outline-width: initial !important;\"><a style=\"color: #954f72; text-decoration-line: underline; outline-style: none !important; outline-width: initial !important;\" href=\"http:\/\/www.albertedelfeltinateljee.fi\/\" target=\"_blank\" rel=\"nofollow noopener noreferrer\">www.albertedelfeltinateljee.fi<\/a><\/p>\n\n\n\n\n\n\n\n\n\n","protected":false},"excerpt":{"rendered":"<p>Liikkeell\u00e4 marraskuussa. Alessandro Sciarroni: Save the Last Dance for Me 6.11.2023 klo 17 ja klo 20, Taidehalli Liikkeell\u00e4 marraskuussa -festivaali tuo Suomeen&nbsp;polka chinata-tanssin.&nbsp;Alessandro Sciarronin&nbsp;teoksessa Save the Last Dance for Me&nbsp;tanssijat&nbsp;Gianmaria Borzillo&nbsp;ja&nbsp;Giovanfrancesco Giannini astuvat Helsingin Taidehallin n\u00e4ytt\u00e4m\u00f6lle hallitakseen polka chinatan askeleet.T\u00e4m\u00e4 valloittava, perinteisesti yksinomaan miesten esitt\u00e4m\u00e4 seurustelutanssi on per\u00e4isin Bolognasta 1900-luvun alkupuolelta. Fyysisesti vaativassa tanssissa yhdistyv\u00e4t akrobaattiset liikkeet ja yksityiskohtaiset syleilyt kahden tanssijan py\u00f6riess\u00e4 ja taivuttaessa polviaan l\u00e4hes maahan asti. Liput 20,00\/10,00 \u20ac https:\/\/holvi.com\/shop\/liikkeellamarraskuussa\/section\/yksittaiset-esitysliput-single-tickets\/ Festivaalipassit https:\/\/holvi.com\/shop\/liikkeellamarraskuussa\/product\/45c5a4397e5fa183e765dc3eef5a6563\/ 6.11.2023, ore 17 e ore 20, Taidehalli Il festival Moving in November porta in Finlandia l&#8217;antico ballo chiamato&nbsp;polka chinata. In Save the last dance for me&nbsp;Alessandro Sciarroni&nbsp;ha lavorato assieme ai danzatori&nbsp;Gianmaria Borzillo&nbsp;e&nbsp;Giovanfrancesco Giannini sui passi di un ballo bolognese chiamato polka chinata, una danza di corteggiamento risalente ai primi del \u2018900. Eeguita in origine da soli uomini, la polka chinata \u00e8 fisicamente impegnativa, quasi acrobatica e prevede che i danzatori, abbracciati l&#8217;uno all&#8217;altro, girino vorticosamente mentre si piegano sulle ginocchia quasi fino a terra. Biglietti 20,00\/10,00 \u20ac https:\/\/holvi.com\/shop\/liikkeellamarraskuussa\/section\/yksittaiset-esitysliput-single-tickets\/ Pass per il festival https:\/\/holvi.com\/shop\/liikkeellamarraskuussa\/product\/45c5a4397e5fa183e765dc3eef5a6563\/ ____________________________________________________________________________________________________________ ________________________________________________________________________________________________________________ Maailmanlaajuinen italialaisen keitti\u00f6n viikko Tervetuloa maistamaan Istituto Valorizzazione Salumi Italiani:n kokolihavalmisteita. IVSI pyrkii levitt\u00e4m\u00e4\u00e4n yksityiskohtaista ja rehellist\u00e4 tietoa italialaisista leikkeleist\u00e4 ja parantamaan alan ja alalla toimivien yritysten profiilia. Ty\u00f6pajat \u201cCotto vai crudo? Helppo nakki, valitse molemmat!\u201d pit\u00e4\u00e4\u00a0Emanuele Bargelli, joka on ty\u00f6skennellyt Genovan tiedefestivaalin projektisuunnittelijana ja tiedeoppaana vuodesta 2004. Ty\u00f6pajat pidet\u00e4\u00e4n Italian kulttuuri-instituutin opetustiloissa osoitteessa\u00a0Ullankatu 3 A 2, Helsinki. Ty\u00f6pajojen kielin\u00e4 ovat\u00a0italia\u00a0ja\u00a0englanti alla olevan aikataulun mukaisesti. Ilmoittaudu s\u00e4hk\u00f6postitse osoitteeseen eventi.iichelsinki@esteri.it. Ilmoita viestiss\u00e4 viikonp\u00e4iv\u00e4, jolloin haluat osallistua ty\u00f6pajaan. MAANANTAI 13.11. KESKIVIIKKO 15.11. TORSTAI 16.11. PERJANTAI 17.11. \u00a0klo 15:30-16.30 (englanti) klo 17:30-18.30 (italia) klo 16:30-17.30 (englanti) klo 18:00-19.00 (italia) \u00a0klo 15:30-16.30 (englanti) VIII Settimana della Cucina Italiana nel Mondo Vi aspettiamo per assaggiare insieme i salumi offerti dall&#8217;Istituto Valorizzazione Salumi Italiani, che si occupa di diffondere un\u2019informazione completa e corretta sui salumi italiani e di valorizzare l\u2019immagine del settore e delle aziende che vi operano. I laboratori, dal titolo \u201dCotto o crudo? Non fare il salame: entrambi!\u201d sono tenuti da Emanuele Bargelli, progettista e divulgatore scientifico per il Festival della Scienza di Genova dal 2004. I laboratori si tengono a Ullankatu, 3 A 2, Helsinki, in italiano e inglese con il calendario qui sotto. Iscrivetevi scrivendo a\u00a0eventi.iichelsinki@esteri.it\u00a0\u00a0indicando il giorno della settimana e l\u2019orario in cui volete partecipare. LUNED\u00cc 13 novembre MERCOLED\u00cc 15 novembre GIOVED\u00cc 16 novembre VENERD\u00cc 17 novembre ore 15:30-16.30 inglese ore 17:30-18.30 italiano ore 16:30-17.30 inglese ore 18:00-19.00 italiano ore 15:30-16.30 inglese _____________________________________________________________________________________________________________ KURSSIN NIMI: Joulu Italiassa KUVAUS: Haluatko tiet\u00e4\u00e4, miten Italiassa vietet\u00e4\u00e4n joulua? Mit\u00e4 on tapana sy\u00f6d\u00e4? Mit\u00e4 symboliikkaa eri perinteiden taakse k\u00e4tkeytyy? Tule kuuntelemaan, kun\u00a0Simone kertoo joulunajan ruoasta, perinteist\u00e4 ja tavoista eri puolilla Italiaa! Katsomme kuvia ja videoita sek\u00e4 kuuntelemme italialaisia joululauluja. OPETUKSEN KIELI: italia (suomi apukielen\u00e4), suositeltu kielitaidon taso A2 tai korkeampi P\u00c4IV\u00c4 JA AIKA: tiistai 12.12.2023, klo 17.00-19.30 PAIKKA: Kurssi pidet\u00e4\u00e4n verkossa Zoom-et\u00e4kokouspalvelun kautta OPETTAJA: Simone Spaccatrosi KURSSIMATERIAALIT: opettajan valmistelema materiaali HINTA: 25 \u20ac \/ hl\u00f6 Ilmoittaudu kirjoittamalla osoitteeseen corsi.iichelsinki@esteri.it Tervetuloa! Corso straordinario: Natale in Italia NOME: Natale in Italia DESCRIZIONE: Vorreste sapere come si festeggia il Natale in Italia? Cosa si mangia? Qual \u00e8 il significato delle diverse tradizioni? Vieni ad ascoltare cosa si dice sul cibo di Natale, sulle tradizioni e usanze nelle diverse parti dell&#8217;Italia! Guarderemo foto e video, ascolteremo (e canteremo) canzoni natalizie in italiano. LINGUA DEL CORSO: italiano (suomi apukielen\u00e4), livello consigliato A2 o superiore DATA E ORA: marted\u00ec 12 dicembre 2023, dalle 17:00 alle 19:30 LUOGO: Il corso si terr\u00e0 online su Zoom INSEGNANTE: Simone Spaccatrosi MATERIALI DEL CORSO: materiali dell&#8217;insegnante PREZZO: \u20ac25 a persona Iscrivetevi scrivendo a corsi.iichelsinki@esteri.it Benvenuti! _______________________________________________________________________________________________________________ ATELJEEN TAIKAA 4.5.-6.8.2023 VILLA ALBERT Albert Edelfeltin ateljeemuseoalueen n\u00e4yttelyn avajaiset\u00a0keskiviikkona 3.5.2023 klo 18-20N\u00e4yttelyss\u00e4 on esill\u00e4 Tero Annanollin, Johanna Lumpeen, Suvi Malekin ja Lumi Saarikosken maalauksia sek\u00e4 Kaj Lindg\u00e5rdin veistoksia. ALBERT EDELFELTIN ATELJEE T\u00c4YTT\u00c4\u00c4 140 VUOTTA KES\u00c4LL\u00c4 2023Albert Edelfeltin ateljee sijaitsee Porvoossa Haikkoon kyl\u00e4ss\u00e4 meren rannalla. Haikkoon lahti ja Porvoon saaristo ovat olleet Albert Edelfeltin tuotannossa merkitt\u00e4v\u00e4ss\u00e4 asemassa. Albert Edelfelt rakennutti Haikkoon ateljeen vuonna1883. Kaikkiaan Edelfelt vietti Haikossa 26 kes\u00e4\u00e4 ja maalasi yli 220 teosta. Ne ovat rakastettuja saariston el\u00e4m\u00e4\u00e4 ja sen asukkaita sek\u00e4 taiteilijan perhett\u00e4 kuvaavia maalauksia. N\u00e4ist\u00e4 monet palkittiin Pariisin salongeissa ja ne kulkeutuivat museoihin ja merkitt\u00e4viin taidekokoelmiin eri puolille maailmaa. Villa Albert-n\u00e4yttelytilan Edelfelt-osiossa on esill\u00e4 s\u00e4\u00e4ti\u00f6n omien kokoelmien lis\u00e4ksi kolme Edelfeltin maalausta yksityis- kokoelmista. N\u00e4yttelyiden lis\u00e4ksi kes\u00e4n ohjelmassa on luentoja ja konsertteja, jotka kertovat Edelfeltin taiteesta ja el\u00e4m\u00e4st\u00e4.\u00a0Tero Annanolli\u00a0-Taiteilijana tunnistan yhtenev\u00e4isyyksi\u00e4 omassa ja Edelfeltin ty\u00f6skentelytavoissa: Pariisi, jatkuvan kauneuden etsinn\u00e4n, tradition hienovireisen yhdist\u00e4misen nykyhetkeen ja sen riitt\u00e4m\u00e4tt\u00f6myyden tunteen, kun aikaa on liian v\u00e4h\u00e4n ja omat vaatimukset taiteilijana ovat aina askeleen edell\u00e4. Olen poiminut maalattavat kohteet samoista ymp\u00e4rist\u00f6ist\u00e4 ja aiheista, joita Edelfelt tutki. Yksi on pysynyt muuttumattomana: yksin\u00e4isyys, talvi, kes\u00e4 ja Porvoon joki. Maisemamaalaus ei siis voi olla luonnon kopio tai toisinto, vaan uusi todellisuus. Kuva on todellisuuden malli. Ja siksi maalaukseni on koettava kaikin aistein. Tero Annanolli\u00a0valmistui taiteen maisteriksi 2004 opiskeltuaan Taideteollisessa korkeakoulussa, Kuvataideakatemiassa sek\u00e4 Repin instituutin kuvataidekoulutuksessa. H\u00e4n t\u00e4ydensi opintojaan 2015 Taideyliopiston Teatterikorkeakoulun Taiteilija osana organisaatioita koulutusohjelmassa ja valmistui ensimm\u00e4isten joukossa taiteilija-kehitt\u00e4j\u00e4ksi Suomessa. Annanollin teoksia on kotimaisissa ja ulkomaisissa kokoelmissa. H\u00e4n on my\u00f6s vuoden 2012 Lontoon taideolympialaisten kultamitalisti.Taitelijana Annanolli tuntee taidehistorian tarkkaan. H\u00e4n ei kuitenkaan koskaan juutu historiaan. H\u00e4n tuo meille vanhanaikaisia kauneuden kaikuja, mutta aina uudistavasti ja katse kohden tulevaa. H\u00e4nen teostensa kauneus ei ole jo moneen kertaan n\u00e4hty\u00e4 vanhan toistoa, sill\u00e4 h\u00e4n yhdist\u00e4\u00e4 rohkeasti. H\u00e4nen teoksissaan saattaa yhdisty\u00e4 bysanttilainen kullan loisto, japanilaiseen herkk\u00e4\u00e4n piirrokseen ja Caravaggiomaiseen teatraaliseen valon k\u00e4ytt\u00f6\u00f6n. Tero Annanollitannanolli@gmail.compuh. 0443021246 www.annanolli.comALBERT EDELFELTIN ATELJEEMUSEON ALUE ON AVOINNA 4.-31.5. ti &#8211; su klo 11-15, ma suljettu 1.6.-31.8. ti &#8211; su klo 10-16 ma suljettu Edelfeltin polku 3, 06400 Porvoo; puh. 050 55 33 290 tai 040 55 29 083, www.albertedelfeltinateljee.fi<\/p>\n","protected":false},"author":1,"featured_media":0,"parent":21,"menu_order":-5,"comment_status":"closed","ping_status":"closed","template":"","meta":{"footnotes":""},"class_list":["post-575","page","type-page","status-publish","hentry"],"_links":{"self":[{"href":"https:\/\/www.villalantenystavat.fi\/index.php?rest_route=\/wp\/v2\/pages\/575","targetHints":{"allow":["GET"]}}],"collection":[{"href":"https:\/\/www.villalantenystavat.fi\/index.php?rest_route=\/wp\/v2\/pages"}],"about":[{"href":"https:\/\/www.villalantenystavat.fi\/index.php?rest_route=\/wp\/v2\/types\/page"}],"author":[{"embeddable":true,"href":"https:\/\/www.villalantenystavat.fi\/index.php?rest_route=\/wp\/v2\/users\/1"}],"replies":[{"embeddable":true,"href":"https:\/\/www.villalantenystavat.fi\/index.php?rest_route=%2Fwp%2Fv2%2Fcomments&post=575"}],"version-history":[{"count":39,"href":"https:\/\/www.villalantenystavat.fi\/index.php?rest_route=\/wp\/v2\/pages\/575\/revisions"}],"predecessor-version":[{"id":869,"href":"https:\/\/www.villalantenystavat.fi\/index.php?rest_route=\/wp\/v2\/pages\/575\/revisions\/869"}],"up":[{"embeddable":true,"href":"https:\/\/www.villalantenystavat.fi\/index.php?rest_route=\/wp\/v2\/pages\/21"}],"wp:attachment":[{"href":"https:\/\/www.villalantenystavat.fi\/index.php?rest_route=%2Fwp%2Fv2%2Fmedia&parent=575"}],"curies":[{"name":"wp","href":"https:\/\/api.w.org\/{rel}","templated":true}]}}